{"id":10055,"date":"2023-03-30T09:01:21","date_gmt":"2023-03-30T09:01:21","guid":{"rendered":"https:\/\/www.originalphotopaper.com\/faqs\/"},"modified":"2025-05-27T11:09:43","modified_gmt":"2025-05-27T11:09:43","slug":"faqs","status":"publish","type":"page","link":"https:\/\/www.originalphotopaper.com\/tr\/faqs\/","title":{"rendered":"Sik\u00e7a sorulan sorular"},"content":{"rendered":"<section class=\"page-title \">\n\t<div class=\"container container--reduced-padding page-title__content\">\n\t\t\t\t\t<h1 class=\"page-title__title\">Bug\u00fcn si\u0307ze nasil yardimci olabi\u0307li\u0307ri\u0307z?<\/h1>\n\t\t\t\t\t\t\t<\/div>\n\t<\/section>\n\n\n<div class=\"container container--small\">\n\t<div class=\"accordion\">\n\t\t\t\t\t<div class=\"accordion__section\">\n\t\t\t\t<h2 class=\"accordion__heading\">Teknik Bilgiler<\/h2>\n\t\t\t\t\t\t\t\t\t<a href=\"#renk-donusturme-ne-demek-1\" class=\"accordion__toggle u-bold\" aria-expanded=\"false\" data-behaviour=\"accordion\">\u201cRenk d\u00f6n\u00fc\u015ft\u00fcrme\u201d ne demek?<\/a>\n\t\t\t\t\t<div class=\"accordion__content\" id=\"renk-donusturme-ne-demek-1\">\n\t\t\t\t\t\t<div class=\"accordion__content-text\">Bu, RGB dosyan\u0131z\u0131n orijinal renk alan\u0131ndan (yani sRGB veya Adobe RGB&#8217;den) \u00f6zel bir Yaz\u0131c\u0131 Renk profiline d\u00f6n\u00fc\u015ft\u00fcr\u00fclmesi demektir. Buna Renk Y\u00f6netimi denir ve bask\u0131 sonucunu optimize ederek daha do\u011fru renkler elde etmek i\u00e7in kullan\u0131labilir.<\/div>\n\t\t\t\t\t<\/div>\n\t\t\t\t\t\t\t\t\t<a href=\"#ton-surekliligi-ne-demek-2\" class=\"accordion__toggle u-bold\" aria-expanded=\"false\" data-behaviour=\"accordion\">\u201cTon s\u00fcreklili\u011fi\u201d ne demek?<\/a>\n\t\t\t\t\t<div class=\"accordion__content\" id=\"ton-surekliligi-ne-demek-2\">\n\t\t\t\t\t\t<div class=\"accordion__content-text\">Ton s\u00fcreklili\u011fi, bask\u0131n\u0131n bas\u0131lan ayr\u0131 \u201cpikseller\u201d aras\u0131nda d\u00fczg\u00fcn bir renk ak\u0131\u015f\u0131 ile \u00fcretilmesi demektir. G\u00fcm\u00fc\u015f halojen\u00fcr \u00fczerinde ton s\u00fcreklili\u011fi ile \u00fcretilen foto\u011fraf g\u00f6r\u00fcnt\u00fcleri, \u00e7ok geni\u015f bir renk gam\u0131 i\u00e7inde sonsuz renk aral\u0131\u011f\u0131 i\u00e7erir ve nokta yap\u0131s\u0131na sahip de\u011fildir. Ola\u011fan \u00fcst\u00fc derecede d\u00fczg\u00fcn g\u00f6r\u00fcnt\u00fcler elde etmek i\u00e7in \u0131\u015f\u0131\u011f\u0131n \u0131\u015f\u0131\u011fa duyarl\u0131 ka\u011f\u0131ttaki maddelerle reaksiyonunu kullanan bir ya\u015f kimyasal i\u015flem vas\u0131tas\u0131yla \u00fcretilirler.\u00a0Bu da Inkjet (noktal\u0131) bask\u0131 veya pres (tarama) bask\u0131ya g\u00f6re daha ger\u00e7ek\u00e7i bir bask\u0131 sunar.<\/div>\n\t\t\t\t\t<\/div>\n\t\t\t\t\t\t\t\t\t<a href=\"#yassi-baski-ne-demek-3\" class=\"accordion__toggle u-bold\" aria-expanded=\"false\" data-behaviour=\"accordion\">\u201cYass\u0131 Bask\u0131\u201d ne demek?<\/a>\n\t\t\t\t\t<div class=\"accordion__content\" id=\"yassi-baski-ne-demek-3\">\n\t\t\t\t\t\t<div class=\"accordion__content-text\">Yass\u0131 bask\u0131, foto\u011fraf alb\u00fcmleri i\u00e7in kullan\u0131lan bir terimdir. Yass\u0131 bask\u0131 foto\u011fraf, a\u00e7\u0131ld\u0131\u011f\u0131nda tamamen yass\u0131 \u015fekilde kal\u0131r ve g\u00f6zle g\u00f6r\u00fcl\u00fcr merkezi bir cilt pay\u0131 yoktur. Bir g\u00f6r\u00fcnt\u00fc \u00fczerindeki hi\u00e7bir g\u00f6rsel bilgi kaybolmaz.<b> <\/b>T\u00fcm bask\u0131n\u0131z\u0131 (bir panorama gibi) g\u00f6rebilirsiniz. Orta k\u0131s\u0131mda yaln\u0131zca k\u00fc\u00e7\u00fck bir kat g\u00f6r\u00fcnecektir.<\/div>\n\t\t\t\t\t<\/div>\n\t\t\t\t\t\t\t\t\t<a href=\"#baski-dosyalarinizi-nasil-hazirliyorsunuz-4\" class=\"accordion__toggle u-bold\" aria-expanded=\"false\" data-behaviour=\"accordion\">Bask\u0131 dosyalar\u0131n\u0131z\u0131 nas\u0131l haz\u0131rl\u0131yorsunuz?<\/a>\n\t\t\t\t\t<div class=\"accordion__content\" id=\"baski-dosyalarinizi-nasil-hazirliyorsunuz-4\">\n\t\t\t\t\t\t<div class=\"accordion__content-text\"><span lang=\"tr\">Bask\u0131 sipari\u015fi vermeden \u00f6nce g\u00f6r\u00fcnt\u00fcn\u00fcz\u00fc do\u011fru \u015fekilde haz\u0131rlaman\u0131z \u00f6nemlidir. Her \u015feyin do\u011fru oldu\u011fundan emin olmak i\u00e7in do\u011frudan ilgili foto\u011fraf laboratuvar\u0131n\u0131n web sitesindeki gereklilikleri kontrol edin. Genellikle y\u00fcklenecek dosyalar i\u00e7in ilgili gereklilikleri belirtilmektedir ve burada yazd\u0131klar\u0131m\u0131zdan biraz farkl\u0131 olabilirler.\n\n\u0130\u015fte unutmaman\u0131z gereken birka genel kural:\n1. Her zaman orijinal dosyalar\u0131 g\u00f6nderin. Dosyalar\u0131\u00a0<\/span>s\u0131k\u0131\u015ft\u0131rmay\u0131n.\n<span lang=\"tr\">2. Dosyalar JPEG format\u0131nda kaydedilmelidir (baz\u0131 foto\u011fraf laboratuvarlar\u0131 TIF veya PDF format\u0131n\u0131 da kabul etmektedir.\n3. \u00c7\u00f6z\u00fcn\u00fcrl\u00fck 300PPI (\u0130n\u00e7 Ba\u015f\u0131na Piksel) veya DPI (\u0130n\u00e7 Ba\u015f\u0131na Nokta) olmal\u0131d\u0131r.\n4. <\/span><span lang=\"tr\">Dosyalar 8bit RGB olarak kaydedilmelidir.<\/span><\/div>\n\t\t\t\t\t<\/div>\n\t\t\t\t\t\t\t\t\t<a href=\"#baskilarimi-nasil-saklamaliyim-5\" class=\"accordion__toggle u-bold\" aria-expanded=\"false\" data-behaviour=\"accordion\">Bask\u0131lar\u0131m\u0131 nas\u0131l saklamal\u0131y\u0131m?<\/a>\n\t\t\t\t\t<div class=\"accordion__content\" id=\"baskilarimi-nasil-saklamaliyim-5\">\n\t\t\t\t\t\t<div class=\"accordion__content-text\">Bask\u0131lar\u0131n\u0131z\u0131 m\u00fcmk\u00fcn olan en iyi durumda saklamak i\u00e7in i\u015fte size yard\u0131mc\u0131 olacak birka\u00e7 ipucu.\n&#8211; Serin ve kuru bir yerde saklay\u0131n. Ancak burada en \u00f6nemli konu kuruluktur.\n&#8211; B\u00fcy\u00fck s\u0131cakl\u0131k dalgalanmalar\u0131 olmamal\u0131d\u0131r.\n&#8211; Karanl\u0131kta saklanmal\u0131d\u0131r.\n&#8211; Alt rafta saklanmamal\u0131d\u0131r. Zeminde su varsa bask\u0131lar zarar g\u00f6rebilir.<\/div>\n\t\t\t\t\t<\/div>\n\t\t\t\t\t\t\t\t\t<a href=\"#bir-baskinin-omru-ne-kadar-baskilarimi-nasil-saklayabilirim-6\" class=\"accordion__toggle u-bold\" aria-expanded=\"false\" data-behaviour=\"accordion\">Bir bask\u0131n\u0131n \u00f6mr\u00fc ne kadar?\/Bask\u0131lar\u0131m\u0131 nas\u0131l saklayabilirim?<\/a>\n\t\t\t\t\t<div class=\"accordion__content\" id=\"bir-baskinin-omru-ne-kadar-baskilarimi-nasil-saklayabilirim-6\">\n\t\t\t\t\t\t<div class=\"accordion__content-text\">I\u015f\u0131\u011f\u0131n t\u00fcr\u00fc ve yo\u011funluk, pozlama s\u00fcresi (y\u00fcksek kalite LED \u0131\u015f\u0131k), saklama ko\u015fullar\u0131 gibi bir bask\u0131n\u0131n \u00f6mr\u00fcn\u00fc etkileyen pek \u00e7ok fakt\u00f6r vard\u0131r. Foto\u011fraf ka\u011f\u0131d\u0131na bas\u0131lan bir\u00a0foto\u011fraf g\u00fcn \u0131\u015f\u0131\u011f\u0131nda yakla\u015f\u0131k 40 y\u0131l dayanacakt\u0131r. Karanl\u0131kta ve uygun ko\u015fullarda saklanmas\u0131 h\u00e2linde 80 y\u0131la kadar dayanabilir. MAXIMA ka\u011f\u0131d\u0131 ise bir istisnad\u0131 \u2013 \u00f6mr\u00fc g\u00fcn \u0131\u015f\u0131\u011f\u0131nda 70 y\u0131ld\u0131r.<span class=\"Apple-converted-space\">\u00a0<\/span><\/div>\n\t\t\t\t\t<\/div>\n\t\t\t\t\t\t\t\t\t<a href=\"#c-tipi-ve-giclee-baski-arasinda-ne-fark-var-7\" class=\"accordion__toggle u-bold\" aria-expanded=\"false\" data-behaviour=\"accordion\">C Tipi ve Gicl\u00e9e bask\u0131 aras\u0131nda ne fark var?<\/a>\n\t\t\t\t\t<div class=\"accordion__content\" id=\"c-tipi-ve-giclee-baski-arasinda-ne-fark-var-7\">\n\t\t\t\t\t\t<div class=\"accordion__content-text\">K\u0131saca s\u00f6ylemek gerekirse C tipi bask\u0131da, bir g\u00f6r\u00fcnt\u00fc olu\u015fturmak i\u00e7in foto\u011fraf ka\u011f\u0131d\u0131 kullan\u0131l\u0131r. Gicl\u00e9e bask\u0131da ise Inkjet ka\u011f\u0131d\u0131 kullan\u0131l\u0131r.<\/div>\n\t\t\t\t\t<\/div>\n\t\t\t\t\t\t\t\t\t<a href=\"#hangi-dosya-formatini-kullanmaliyim-8\" class=\"accordion__toggle u-bold\" aria-expanded=\"false\" data-behaviour=\"accordion\">Hangi dosya format\u0131n\u0131 kullanmal\u0131y\u0131m?<\/a>\n\t\t\t\t\t<div class=\"accordion__content\" id=\"hangi-dosya-formatini-kullanmaliyim-8\">\n\t\t\t\t\t\t<div class=\"accordion__content-text\"><span lang=\"tr\">G\u00f6r\u00fcnt\u00fcleri bask\u0131 i\u00e7in haz\u0131rlargen JPEG format\u0131nda RGB dosyas\u0131 olarak kaydedin.\n<\/span><\/div>\n\t\t\t\t\t<\/div>\n\t\t\t\t\t\t\t\t\t<a href=\"#ihtiyacimi-karsilayacak-kagit-turunu-nasil-secebilirim-9\" class=\"accordion__toggle u-bold\" aria-expanded=\"false\" data-behaviour=\"accordion\">\u0130htiyac\u0131m\u0131 kar\u015f\u0131layacak ka\u011f\u0131t t\u00fcr\u00fcn\u00fc nas\u0131l se\u00e7ebilirim?<\/a>\n\t\t\t\t\t<div class=\"accordion__content\" id=\"ihtiyacimi-karsilayacak-kagit-turunu-nasil-secebilirim-9\">\n\t\t\t\t\t\t<div class=\"accordion__content-text\">Her ka\u011f\u0131t t\u00fcr\u00fc ayn\u0131 hikayeyi farkl\u0131 \u015fekillerde anlatabilir. Suyun d\u00fczg\u00fcnl\u00fc\u011f\u00fc veya manzaran\u0131n g\u00f6rkemi gibi g\u00f6r\u00fcnt\u00fcde vurgulamak istenen \u00f6zneye g\u00f6re farkl\u0131 ka\u011f\u0131tlar kullan\u0131l\u0131r.\nT\u00fcm foto\u011fraf laboratuvarlar\u0131n\u0131n \u00fcr\u00fcn yelpazemizdeki t\u00fcm ka\u011f\u0131tlar\u0131 sunmad\u0131\u011f\u0131n\u0131 unutmaman\u0131z \u00f6nemlidir. Se\u00e7ti\u011finiz ka\u011f\u0131t yak\u0131n\u0131n\u0131zdaki bir foto\u011fraf laboratuvar\u0131nda mevcut olmayabilir.<\/div>\n\t\t\t\t\t<\/div>\n\t\t\t\t\t\t\t\t\t<a href=\"#kac-dpi-kullanmaliyim-10\" class=\"accordion__toggle u-bold\" aria-expanded=\"false\" data-behaviour=\"accordion\">Ka\u00e7 DPI kullanmal\u0131y\u0131m?<\/a>\n\t\t\t\t\t<div class=\"accordion__content\" id=\"kac-dpi-kullanmaliyim-10\">\n\t\t\t\t\t\t<div class=\"accordion__content-text\">En iyi sonu\u00e7lar\u0131 almak i\u00e7in dosya \u00e7\u00f6z\u00fcn\u00fcrl\u00fc\u011f\u00fc 300DPI (\u0130n\u00e7 ba\u015f\u0131na nokta) olmal\u0131d\u0131r.<\/div>\n\t\t\t\t\t<\/div>\n\t\t\t\t\t\t\t\t\t<a href=\"#rgb-ve-cmyk-baski-sistemleri-arasinda-ne-fark-var-11\" class=\"accordion__toggle u-bold\" aria-expanded=\"false\" data-behaviour=\"accordion\">RGB ve CMYK bask\u0131 sistemleri aras\u0131nda ne fark var?<\/a>\n\t\t\t\t\t<div class=\"accordion__content\" id=\"rgb-ve-cmyk-baski-sistemleri-arasinda-ne-fark-var-11\">\n\t\t\t\t\t\t<div class=\"accordion__content-text\">RGB (K\u0131rm\u0131z\u0131, Ye\u015fil, Mavi) foto\u011fraf standard\u0131d\u0131r ve g\u00f6zle g\u00f6r\u00fcl\u00fcr renk spektrumunda herhangi bir renk elde etmek i\u00e7in \u00e7e\u015fitli oranlarda t\u00fcm renkleri belirtir.\n\nCMYK ise standart bir &#8220;4 renkli&#8221; bask\u0131 i\u015fleminde kullan\u0131lan d\u00f6rt m\u00fcrekkebi (siyan, macenta, sar\u0131 ve siyah) ifade etmektedir. CMYK&#8217;daki K harfi, bas\u0131l\u0131 bir g\u00f6r\u00fcnt\u00fcye \u201cdetay\u201d katt\u0131\u011f\u0131 s\u00f6ylenen \u201cAnahtar\u201d, \u201cAnahtar renk\u201d anlam\u0131na gelmektedir. <span class=\"Apple-converted-space\">\u00a0 <\/span>D\u00f6rt renkli bir bask\u0131 i\u015fleminde siyah renk kontrast\u0131 art\u0131rd\u0131\u011f\u0131ndan ve \u201cdetay\u201d olu\u015fturdu\u011fundan bu do\u011fru bir \u00f6nermedir.<span class=\"Apple-converted-space\">\u00a0<\/span>\n\nAma bu konuda endi\u015felenmeniz gerekmiyor. T\u00fcm dosyalar\u0131n\u0131z\u0131 RGB olarak saklay\u0131n (\u00e7\u00fcnk\u00fc RGB, CMYK&#8217;ya g\u00f6re daha geni\u015ftir) ve ofset bask\u0131 durumunda bask\u0131 \u015firketi basmadan \u00f6nce dosyan\u0131z\u0131 ay\u0131racakt\u0131r.<\/div>\n\t\t\t\t\t<\/div>\n\t\t\t\t\t\t\t<\/div>\n\t\t\t\t\t<div class=\"accordion__section\">\n\t\t\t\t<h2 class=\"accordion__heading\">S\u00fcrd\u00fcr\u00fclebilirlik<\/h2>\n\t\t\t\t\t\t\t\t\t<a href=\"#fotograf-kagidi-vegan-midir-1\" class=\"accordion__toggle u-bold\" aria-expanded=\"false\" data-behaviour=\"accordion\">Foto\u011fraf ka\u011f\u0131d\u0131 vegan m\u0131d\u0131r?<\/a>\n\t\t\t\t\t<div class=\"accordion__content\" id=\"fotograf-kagidi-vegan-midir-1\">\n\t\t\t\t\t\t<div class=\"accordion__content-text\">T\u00fcm foto\u011fraf filmi ve ka\u011f\u0131tlar\u0131nda az miktarda jelatin kullan\u0131l\u0131r. Kulland\u0131\u011f\u0131m\u0131z jelatin tar\u0131m end\u00fcstrisinin bir yan \u00fcr\u00fcn\u00fcd\u00fcr. K\u00fc\u00e7\u00fck miktarlardaki jelatin uzun zamand\u0131r film tabanl\u0131 foto\u011fraf\u00e7\u0131l\u0131\u011f\u0131n ve foto\u011fraf bask\u0131s\u0131n\u0131n \u00f6nemli bir par\u00e7as\u0131 olmu\u015ftur. Jelatin iki \u015fekilde kullan\u0131l\u0131r. Foto\u011fraf filminin \u0131\u015f\u0131\u011fa duyarl\u0131 ince katmanlar\u0131n\u0131 birbirine ba\u011flamak i\u00e7in kullan\u0131l\u0131r ve ayr\u0131ca bir em\u00fclsiyon i\u00e7indeki g\u00fcm\u00fc\u015f halojen\u00fcr kristallerini bir arada tutarak foto\u011fraf ka\u011f\u0131d\u0131n\u0131n g\u00f6r\u00fcnt\u00fcy\u00fc tutmas\u0131n\u0131 sa\u011flar.<\/div>\n\t\t\t\t\t<\/div>\n\t\t\t\t\t\t\t\t\t<a href=\"#fujifilm-fotograf-kagidi-icin-kullanilan-gumus-ve-diger-metaller-ile-bunlarin-cevre-uzerindeki-etkileri-hakkinda-elinizde-detayli-bilgi-veya-herhangi-bir-bilgi-var-mi-2\" class=\"accordion__toggle u-bold\" aria-expanded=\"false\" data-behaviour=\"accordion\">Fujifilm Foto\u011fraf Ka\u011f\u0131d\u0131 i\u00e7in kullan\u0131lan g\u00fcm\u00fc\u015f ve di\u011fer metaller ile bunlar\u0131n \u00e7evre \u00fczerindeki etkileri hakk\u0131nda elinizde detayl\u0131 bilgi (veya herhangi bir bilgi) var m\u0131?<\/a>\n\t\t\t\t\t<div class=\"accordion__content\" id=\"fujifilm-fotograf-kagidi-icin-kullanilan-gumus-ve-diger-metaller-ile-bunlarin-cevre-uzerindeki-etkileri-hakkinda-elinizde-detayli-bilgi-veya-herhangi-bir-bilgi-var-mi-2\">\n\t\t\t\t\t\t<div class=\"accordion__content-text\"><span lang=\"tr\">\u015eu anda yaln\u0131zca Supreme&#8217;in karbon ayak izi hesaplamas\u0131yla ilgili tahminde bulunabiliyoruz. CO<sub>2<\/sub>&#8216;nin hesaplanabilece\u011fi en b\u00fcy\u00fck bile\u015fen, baz ka\u011f\u0131tt\u0131r (4000g\/kg). Bunun ka\u011f\u0131d\u0131m\u0131z\u0131n daha yo\u011fun olmas\u0131 nedeniyle normal ka\u011f\u0131ttan (yakla\u015f\u0131k 2000 g\/kg) daha y\u00fcksek oldu\u011funu d\u00fc\u015f\u00fcn\u00fcyoruz. Bu bilgiyi ka\u011f\u0131t tedarik\u00e7imizden ald\u0131k ve elimizde tam hesaplama mevcut de\u011fil. Bu nedenle kabaca bir tahminde bulunabiliyoruz. Geri kalan CO|<sub>2<\/sub> kayna\u011f\u0131n\u0131 ise Tilburg&#8217;daki tesisimizde \u00fcretilen ambalaj da dahil em\u00fclsiyon, kaplama ve bitirme olu\u015fturuyor.\u00a0Supreme Karbon Ayakizi Tahmini: 6500 g\/1 kg \u00fcr\u00fcn.<\/span><\/div>\n\t\t\t\t\t<\/div>\n\t\t\t\t\t\t\t\t\t<a href=\"#fujifilm-kagidi-klorurle-mi-agartiliyor-3\" class=\"accordion__toggle u-bold\" aria-expanded=\"false\" data-behaviour=\"accordion\">Fujifilm Ka\u011f\u0131d\u0131 klor\u00fcrle mi a\u011fart\u0131l\u0131yor?<\/a>\n\t\t\t\t\t<div class=\"accordion__content\" id=\"fujifilm-kagidi-klorurle-mi-agartiliyor-3\">\n\t\t\t\t\t\t<div class=\"accordion__content-text\"><span lang=\"tr\">Fujifilm ka\u011f\u0131d\u0131 temel klor\u00fcr i\u00e7ermez (E.C.F).<\/span><\/div>\n\t\t\t\t\t<\/div>\n\t\t\t\t\t\t\t\t\t<a href=\"#fujifilm-kagit-fabrikasi-ne-kadar-cevre-dostu-4\" class=\"accordion__toggle u-bold\" aria-expanded=\"false\" data-behaviour=\"accordion\">Fujifilm ka\u011f\u0131t fabrikas\u0131 ne kadar \u00e7evre dostu?<\/a>\n\t\t\t\t\t<div class=\"accordion__content\" id=\"fujifilm-kagit-fabrikasi-ne-kadar-cevre-dostu-4\">\n\t\t\t\t\t\t<div class=\"accordion__content-text\">\u201cWe Care\u201d (\u00d6nemsiyoruz) i\u00e7eriside de bahsetti\u011fimiz \u00fczere s\u00fcrekli olarak s\u00fcrd\u00fcr\u00fclebilirli\u011fi geli\u015ftirmenin yollar\u0131n\u0131 ara\u015ft\u0131r\u0131yoruz. \u015eu anda Fujifilm Manufacturing Europe B.V. hakk\u0131nda \u015funlar\u0131 s\u00f6yleyebiliriz:\n\n<strong>Yenilenebilir Enerjiler\n<\/strong>\u015eu anda Fujifilm Manufacturing Tilburg tesisimizde 5 r\u00fczgar t\u00fcrbinimiz var. Elektrik ihtiyac\u0131m\u0131n\u0131z %30&#8217;unu bunlar kar\u015f\u0131l\u0131yor. Eleltri\u011fin geri kalan\u0131 \u00f6zel bir r\u00fczgar t\u00fcrbini park\u0131ndan, yani %100 evre dostu elektrikten elde ediliyor.\n\n<strong>Hedefler\n<\/strong>2030 y\u0131l\u0131na kadar Fujifilm Group&#8217;un \u00fcretti\u011fi at\u0131k miktar\u0131n\u0131 (2013 y\u0131l\u0131ndaki seviyeye k\u0131yasla) %30 azaltmak.\n2030 y\u0131l\u0131na kadar Fujifilm Group&#8217;un \u00fcretim i\u00e7in kulland\u0131\u011f\u0131 su miktar\u0131n\u0131 (2013 y\u0131l\u0131ndaki seviyeye k\u0131yasla) %30 azaltmak.\n2030 y\u0131l\u0131na kadar Fujifilm Group&#8217;un CO<sub>2<\/sub> emisyonunu (2013 y\u0131l\u0131ndaki seviyeye k\u0131yasla) %45 azaltmak.\n\n<strong>Planlar\n<\/strong><em>1. At\u0131k<\/em>\na. Tek tip at\u0131k olu\u015fturarak\nb. daha fazla geri d\u00f6n\u00fc\u015f\u00fcm ile s\u00fcre\u00e7 at\u0131klar\u0131n\u0131 azaltmak. Bununla beraber tek tip geri d\u00f6n\u00fc\u015f\u00fcm y\u0131llard\u0131r standart olarak Fujifilm Manufacturing&#8217;de h\u00e2lihaz\u0131rda ger\u00e7ekle\u015ftirilmektedir.\n\n<em>2. Su\n<\/em>\u00c7al\u0131\u015fmalar devam ediyor:\na. Kuyu suyu kullan\u0131m\u0131n\u0131 azaltmak\nb. &#8216;pissu ar\u0131tma tesisinden&#8217; sonra pissu suyu yeniden kullanmak\n\n<em>3. \u00c7al\u0131\u015fmalar devam ediyor\n<\/em>a. Enerji kullan\u0131m\u0131n\u0131 azaltmak (\u00f6r. buhar yerine \u0131s\u0131 pompalar\u0131 kullan\u0131m\u0131)\nb. Elektrifikasyon (gazdan elektri\u011fe)\nc. fosil d\u0131\u015f\u0131 yak\u0131tlar kullanmak (uzun vadede)\n\n<em>4. ISO14001 ile Ya\u015fam D\u00f6ng\u00fcs\u00fc Perspektifi hayata ge\u00e7irildi (= tam \u00fcretim zinciri ile s\u00fcrd\u00fcr\u00fclebilirlik \u00e7al\u0131\u015fmalar\u0131)<\/em><\/div>\n\t\t\t\t\t<\/div>\n\t\t\t\t\t\t\t<\/div>\n\t\t\t\t\t<div class=\"accordion__section\">\n\t\t\t\t<h2 class=\"accordion__heading\">Foto\u011fraf k\u00e2\u011f\u0131tlar\u0131<\/h2>\n\t\t\t\t\t\t\t\t\t<a href=\"#c-tipi-baski-nedir-1\" class=\"accordion__toggle u-bold\" aria-expanded=\"false\" data-behaviour=\"accordion\">C tipi bask\u0131 nedir?<\/a>\n\t\t\t\t\t<div class=\"accordion__content\" id=\"c-tipi-baski-nedir-1\">\n\t\t\t\t\t\t<div class=\"accordion__content-text\"><span lang=\"tr\">Bu foto\u011fraf ka\u011f\u0131d\u0131n\u0131n di\u011fer adlar\u0131ndan biridir. Kromojenik bask\u0131 anlam\u0131na gelmektedir.<\/div>\n\t\t\t\t\t<\/div>\n\t\t\t\t\t\t\t\t\t<a href=\"#fotograf-kagidi-nedir-2\" class=\"accordion__toggle u-bold\" aria-expanded=\"false\" data-behaviour=\"accordion\">Foto\u011fraf ka\u011f\u0131d\u0131 nedir?<\/a>\n\t\t\t\t\t<div class=\"accordion__content\" id=\"fotograf-kagidi-nedir-2\">\n\t\t\t\t\t\t<div class=\"accordion__content-text\"><span lang=\"tr\">Foto\u011fraf <\/span><span lang=\"tr\">ka\u011f\u0131d\u0131, \u0131\u015f\u0131\u011fa duyarl\u0131 bir ka\u011f\u0131tt\u0131r. Bu ka\u011f\u0131t \u0131\u015f\u0131\u011f\u0131 \u201cyakalayabilen\u201d ve daha sonra kimyadan yararlan\u0131larak ka\u011f\u0131t \u00fczerinde g\u00f6r\u00fcnt\u00fc olu\u015fturmak i\u00e7in banyo edilebilen \u00f6zel bir g\u00fcm\u00fc\u015f halojen\u00fcr em\u00fclsiyon katman\u0131 i\u00e7ermektedir.<\/span><\/div>\n\t\t\t\t\t<\/div>\n\t\t\t\t\t\t\t\t\t<a href=\"#fotograf-kagidi-nelerden-olusur-3\" class=\"accordion__toggle u-bold\" aria-expanded=\"false\" data-behaviour=\"accordion\">Foto\u011fraf ka\u011f\u0131d\u0131 nelerden olu\u015fur?<\/a>\n\t\t\t\t\t<div class=\"accordion__content\" id=\"fotograf-kagidi-nelerden-olusur-3\">\n\t\t\t\t\t\t<div class=\"accordion__content-text\"><span lang=\"tr\">Foto\u011fraf ka\u011f\u0131d\u0131 yedi katmandan olu\u015fur. Alt b\u00f6l\u00fcm suya dayan\u0131kl\u0131 ka\u011f\u0131t bazd\u0131r. Bunu \u00fc\u00e7 \u0131\u015f\u0131\u011fa duyarl\u0131 katman ve ara katmanlar izler. \u00d6nce ilk ara katman olan sar\u0131 rengi veren maviye duyarl\u0131 katman yer al\u0131r. Daha sonra macentay\u0131 olu\u015fturan ara katman olan ye\u015file duyarl\u0131 katman gelir. Son b\u00f6l\u00fcmde siyan rengini olu\u015fturan k\u0131rm\u0131z\u0131ya duyarl\u0131 katman yer almaktad\u0131r. Bunu son i\u00e7 katman ile en \u00fcstte koruyucu bir katman izler.<\/span><\/div>\n\t\t\t\t\t<\/div>\n\t\t\t\t\t\t\t\t\t<a href=\"#fotograf-kagidi-uzerine-nasil-goruntu-basilir-4\" class=\"accordion__toggle u-bold\" aria-expanded=\"false\" data-behaviour=\"accordion\">Foto\u011fraf ka\u011f\u0131d\u0131 \u00fczerine nas\u0131l g\u00f6r\u00fcnt\u00fc bas\u0131l\u0131r?<\/a>\n\t\t\t\t\t<div class=\"accordion__content\" id=\"fotograf-kagidi-uzerine-nasil-goruntu-basilir-4\">\n\t\t\t\t\t\t<div class=\"accordion__content-text\"><span lang=\"tr\">Foto\u011fraf ka\u011f\u0131d\u0131, \u0131\u015f\u0131\u011fa duyarl\u0131 bir form\u00fclle kaplanm\u0131\u015f bir ka\u011f\u0131tt\u0131r. Ka\u011f\u0131d\u0131n bu katman\u0131na em\u00fclsiyon ad\u0131 verilmektedir. Em\u00fclsiyondaki g\u00fcm\u00fc\u015f halojen\u00fcr kristaller bu \u0131\u015f\u0131\u011fa duyarl\u0131 ka\u011f\u0131ttaki maddeler \u00fczerinde \u0131\u015f\u0131k tepkimesini kullanarak gizli bir g\u00f6r\u00fcnt\u00fc olu\u015fturulan bir RGB pozlama sistemi ile pozlan\u0131r. Daha sonra foto\u011fraf ka\u011f\u0131d\u0131 banyonun kullan\u0131ld\u0131\u011f\u0131 bir kimyasal s\u00fcre\u00e7ten ge\u00e7er, ka\u011f\u0131t \u00fczerinde g\u00f6r\u00fcnt\u00fc olu\u015fturmak i\u00e7in sabitlenir ve em\u00fclsiyon ka\u011f\u0131ttan y\u0131kanarak temizlenir.<\/span><\/div>\n\t\t\t\t\t<\/div>\n\t\t\t\t\t\t\t\t\t<a href=\"#fotograf-kagidinin-diger-adlari-nelerdir-5\" class=\"accordion__toggle u-bold\" aria-expanded=\"false\" data-behaviour=\"accordion\">Foto\u011fraf ka\u011f\u0131d\u0131n\u0131n di\u011fer adlar\u0131 nelerdir?<\/a>\n\t\t\t\t\t<div class=\"accordion__content\" id=\"fotograf-kagidinin-diger-adlari-nelerdir-5\">\n\t\t\t\t\t\t<div class=\"accordion__content-text\"><span lang=\"tr\">Foto\u011fraf ka\u011f\u0131d\u0131n\u0131n pek \u00e7ok ad\u0131 vard\u0131r: G\u00fcm\u00fc\u015f halojen\u00fcr bask\u0131, C tipi bask\u0131, renkli ka\u011f\u0131t, Lambda ya da Lightjet (bu isimler ka\u011f\u0131d\u0131 de\u011fil, makineyi ifade etmektedir). Bunlar\u0131n tamam\u0131 ayn\u0131 foto\u011fraf ka\u011f\u0131d\u0131n\u0131 tarif etmektedir.<\/span><\/div>\n\t\t\t\t\t<\/div>\n\t\t\t\t\t\t\t\t\t<a href=\"#gumus-halojenur-emulsiyon-nedir-6\" class=\"accordion__toggle u-bold\" aria-expanded=\"false\" data-behaviour=\"accordion\">G\u00fcm\u00fc\u015f halojen\u00fcr em\u00fclsiyon nedir?<\/a>\n\t\t\t\t\t<div class=\"accordion__content\" id=\"gumus-halojenur-emulsiyon-nedir-6\">\n\t\t\t\t\t\t<div class=\"accordion__content-text\"><span lang=\"tr\">G\u00f6r\u00fcnt\u00fcn\u00fcn karanl\u0131k odada k\u00fc\u00e7\u00fck film rulolar\u0131ndan bas\u0131ld\u0131\u011f\u0131 eski zamanlar\u0131 hat\u0131rl\u0131yor musunuz? T\u00fcm bunlar \u0131\u015f\u0131k sayesinde yap\u0131labiliyordu. Negatif film \u0131\u015f\u0131\u011fa maruz b\u0131rak\u0131l\u0131yor ve tekrar pozitif h\u00e2le gelen ka\u011f\u0131t \u00fczerine bir g\u00f6r\u00fcnt\u00fc \u201cbas\u0131l\u0131yordu\u201d. Ba\u015flang\u0131\u00e7ra g\u00f6r\u00fcnt\u00fc yaln\u0131zca siyah-beyazd\u0131, renkler daha sonra geldi.\u00a0Bizim g\u00fcm\u00fc\u015f halojenir em\u00fclsiyonumuz hikayesi de buraya dayan\u0131yor. I\u015f\u0131\u011fa duyarl\u0131d\u0131r ve banyo edilerek ka\u011f\u0131t \u00fczerinde g\u00f6r\u00fcnt\u00fc olu\u015fturulmas\u0131n\u0131 sa\u011flar. G\u00fcn\u00fcm\u00fczde dijital g\u00f6r\u00fcnt\u00fc ile bask\u0131 yap\u0131yoruz (negatif film rulolar\u0131ndan bask\u0131 yapmak da h\u00e2l\u00e2 m\u00fcmk\u00fcnd\u00fcr). Ancak s\u00fcrecin kendisi \u00e7ok de\u011fi\u015fmedi.<\/span><\/div>\n\t\t\t\t\t<\/div>\n\t\t\t\t\t\t\t<\/div>\n\t\t\t<\/div>\n<\/div>\n","protected":false},"excerpt":{"rendered":"","protected":false},"author":1,"featured_media":0,"parent":0,"menu_order":0,"comment_status":"closed","ping_status":"closed","template":"","meta":{"_acf_changed":true,"footnotes":""},"class_list":["post-10055","page","type-page","status-publish","hentry"],"acf":[],"yoast_head":"<!-- This site is optimized with the Yoast SEO plugin v27.1.1 - https:\/\/yoast.com\/product\/yoast-seo-wordpress\/ -->\n<title>Sik\u00e7a sorulan sorular - Original Photo Paper by FUJIFILM<\/title>\n<meta name=\"robots\" content=\"index, follow, max-snippet:-1, max-image-preview:large, max-video-preview:-1\" \/>\n<link rel=\"canonical\" href=\"https:\/\/www.originalphotopaper.com\/tr\/faqs\/\" \/>\n<meta property=\"og:locale\" content=\"tr_TR\" \/>\n<meta property=\"og:type\" content=\"article\" \/>\n<meta property=\"og:title\" content=\"Sik\u00e7a sorulan sorular - Original Photo Paper by FUJIFILM\" \/>\n<meta property=\"og:url\" content=\"https:\/\/www.originalphotopaper.com\/tr\/faqs\/\" \/>\n<meta property=\"og:site_name\" content=\"Original Photo Paper by FUJIFILM\" \/>\n<meta property=\"article:modified_time\" content=\"2025-05-27T11:09:43+00:00\" \/>\n<meta name=\"twitter:card\" content=\"summary_large_image\" \/>\n<script type=\"application\/ld+json\" class=\"yoast-schema-graph\">{\"@context\":\"https:\/\/schema.org\",\"@graph\":[{\"@type\":\"WebPage\",\"@id\":\"https:\/\/www.originalphotopaper.com\/tr\/faqs\/\",\"url\":\"https:\/\/www.originalphotopaper.com\/tr\/faqs\/\",\"name\":\"Sik\u00e7a sorulan sorular - Original Photo Paper by FUJIFILM\",\"isPartOf\":{\"@id\":\"https:\/\/www.originalphotopaper.com\/tr\/#website\"},\"datePublished\":\"2023-03-30T09:01:21+00:00\",\"dateModified\":\"2025-05-27T11:09:43+00:00\",\"breadcrumb\":{\"@id\":\"https:\/\/www.originalphotopaper.com\/tr\/faqs\/#breadcrumb\"},\"inLanguage\":\"tr-TR\",\"potentialAction\":[{\"@type\":\"ReadAction\",\"target\":[\"https:\/\/www.originalphotopaper.com\/tr\/faqs\/\"]}]},{\"@type\":\"BreadcrumbList\",\"@id\":\"https:\/\/www.originalphotopaper.com\/tr\/faqs\/#breadcrumb\",\"itemListElement\":[{\"@type\":\"ListItem\",\"position\":1,\"name\":\"Ev\",\"item\":\"https:\/\/www.originalphotopaper.com\/tr\/\"},{\"@type\":\"ListItem\",\"position\":2,\"name\":\"FAQs\"}]},{\"@type\":\"WebSite\",\"@id\":\"https:\/\/www.originalphotopaper.com\/tr\/#website\",\"url\":\"https:\/\/www.originalphotopaper.com\/tr\/\",\"name\":\"Original Photo Paper by FUJIFILM\",\"description\":\"DISCOVER FUJIFILM ORIGINAL PHOTOGRAPHIC PAPERS\",\"potentialAction\":[{\"@type\":\"SearchAction\",\"target\":{\"@type\":\"EntryPoint\",\"urlTemplate\":\"https:\/\/www.originalphotopaper.com\/tr\/?s={search_term_string}\"},\"query-input\":{\"@type\":\"PropertyValueSpecification\",\"valueRequired\":true,\"valueName\":\"search_term_string\"}}],\"inLanguage\":\"tr-TR\"}]}<\/script>\n<!-- \/ Yoast SEO plugin. -->","yoast_head_json":{"title":"Sik\u00e7a sorulan sorular - Original Photo Paper by FUJIFILM","robots":{"index":"index","follow":"follow","max-snippet":"max-snippet:-1","max-image-preview":"max-image-preview:large","max-video-preview":"max-video-preview:-1"},"canonical":"https:\/\/www.originalphotopaper.com\/tr\/faqs\/","og_locale":"tr_TR","og_type":"article","og_title":"Sik\u00e7a sorulan sorular - Original Photo Paper by FUJIFILM","og_url":"https:\/\/www.originalphotopaper.com\/tr\/faqs\/","og_site_name":"Original Photo Paper by FUJIFILM","article_modified_time":"2025-05-27T11:09:43+00:00","twitter_card":"summary_large_image","schema":{"@context":"https:\/\/schema.org","@graph":[{"@type":"WebPage","@id":"https:\/\/www.originalphotopaper.com\/tr\/faqs\/","url":"https:\/\/www.originalphotopaper.com\/tr\/faqs\/","name":"Sik\u00e7a sorulan sorular - Original Photo Paper by FUJIFILM","isPartOf":{"@id":"https:\/\/www.originalphotopaper.com\/tr\/#website"},"datePublished":"2023-03-30T09:01:21+00:00","dateModified":"2025-05-27T11:09:43+00:00","breadcrumb":{"@id":"https:\/\/www.originalphotopaper.com\/tr\/faqs\/#breadcrumb"},"inLanguage":"tr-TR","potentialAction":[{"@type":"ReadAction","target":["https:\/\/www.originalphotopaper.com\/tr\/faqs\/"]}]},{"@type":"BreadcrumbList","@id":"https:\/\/www.originalphotopaper.com\/tr\/faqs\/#breadcrumb","itemListElement":[{"@type":"ListItem","position":1,"name":"Ev","item":"https:\/\/www.originalphotopaper.com\/tr\/"},{"@type":"ListItem","position":2,"name":"FAQs"}]},{"@type":"WebSite","@id":"https:\/\/www.originalphotopaper.com\/tr\/#website","url":"https:\/\/www.originalphotopaper.com\/tr\/","name":"Original Photo Paper by FUJIFILM","description":"DISCOVER FUJIFILM ORIGINAL PHOTOGRAPHIC PAPERS","potentialAction":[{"@type":"SearchAction","target":{"@type":"EntryPoint","urlTemplate":"https:\/\/www.originalphotopaper.com\/tr\/?s={search_term_string}"},"query-input":{"@type":"PropertyValueSpecification","valueRequired":true,"valueName":"search_term_string"}}],"inLanguage":"tr-TR"}]}},"_links":{"self":[{"href":"https:\/\/www.originalphotopaper.com\/tr\/wp-json\/wp\/v2\/pages\/10055","targetHints":{"allow":["GET"]}}],"collection":[{"href":"https:\/\/www.originalphotopaper.com\/tr\/wp-json\/wp\/v2\/pages"}],"about":[{"href":"https:\/\/www.originalphotopaper.com\/tr\/wp-json\/wp\/v2\/types\/page"}],"author":[{"embeddable":true,"href":"https:\/\/www.originalphotopaper.com\/tr\/wp-json\/wp\/v2\/users\/1"}],"replies":[{"embeddable":true,"href":"https:\/\/www.originalphotopaper.com\/tr\/wp-json\/wp\/v2\/comments?post=10055"}],"version-history":[{"count":0,"href":"https:\/\/www.originalphotopaper.com\/tr\/wp-json\/wp\/v2\/pages\/10055\/revisions"}],"wp:attachment":[{"href":"https:\/\/www.originalphotopaper.com\/tr\/wp-json\/wp\/v2\/media?parent=10055"}],"curies":[{"name":"wp","href":"https:\/\/api.w.org\/{rel}","templated":true}]}}